{"id":3,"date":"2020-11-26T14:24:50","date_gmt":"2020-11-26T14:24:50","guid":{"rendered":"https:\/\/www.szallodafotozas.hu\/?page_id=3"},"modified":"2021-01-09T16:22:22","modified_gmt":"2021-01-09T16:22:22","slug":"adatkezelesi-tajekoztato","status":"publish","type":"page","link":"https:\/\/www.szallodafotozas.hu\/en\/adatkezelesi-tajekoztato\/","title":{"rendered":"Adatv\u00e9delmi ir\u00e1nyelvek"},"content":{"rendered":"<div id=\"fws_69f2a89be56a0\"  data-column-margin=\"default\" data-midnight=\"dark\"  class=\"wpb_row vc_row-fluid vc_row\"  style=\"padding-top: 0px; padding-bottom: 0px; \"><div class=\"row-bg-wrap\" data-bg-animation=\"none\" data-bg-animation-delay=\"\" data-bg-overlay=\"false\"><div class=\"inner-wrap row-bg-layer\" ><div class=\"row-bg viewport-desktop\"  style=\"\"><\/div><\/div><\/div><div class=\"row_col_wrap_12 col span_12 dark left\">\n\t<div  class=\"vc_col-sm-12 wpb_column column_container vc_column_container col no-extra-padding inherit_tablet inherit_phone\"  data-padding-pos=\"all\" data-has-bg-color=\"false\" data-bg-color=\"\" data-bg-opacity=\"1\" data-animation=\"\" data-delay=\"0\" >\n\t\t<div class=\"vc_column-inner\" >\n\t\t\t<div class=\"wpb_wrapper\">\n\t\t\t\t\n<div class=\"wpb_text_column wpb_content_element\" >\n\t<p class=\"p1\"><b>Kik vagyunk:<br \/><\/b>A weboldalunk c\u00edme: https:\/\/www.szallodafotozas.hu<\/p>\n<p class=\"p1\">A jelen adatv\u00e9delmi nyilatkozat (Nyilatkozat) tartalmazza Tam\u00e1s P\u00e1l (Szolg\u00e1ltat\u00f3) \u00e1ltal \u00fczemeltetett, a https:\/\/www.szallodafotozas.hu domain n\u00e9ven el\u00e9rhet\u0151 oldal \u00e9s szolg\u00e1ltat\u00e1sok (egy\u00fcttesen: Szolg\u00e1ltat\u00e1s) keret\u00e9ben v\u00e9gzett, szem\u00e9lyes adatok kezel\u00e9s\u00e9re vonatkoz\u00f3 szab\u00e1lyokat, valamint az adatkezel\u00e9sre vonatkoz\u00f3 t\u00e1j\u00e9koztat\u00e1st. A Szolg\u00e1ltat\u00e1s technikai h\u00e1tter\u00e9t a Szolg\u00e1ltat\u00f3 biztos\u00edtja, a szervereken elhelyezett szoftverek \u00fczemeltet\u00e9s\u00e9t maga v\u00e9gzi. A Szolg\u00e1ltat\u00e1s haszn\u00e1lat\u00e1nak megkezd\u00e9s\u00e9vel a felhaszn\u00e1l\u00f3k elfogadj\u00e1k a jelen Nyilatkozat felt\u00e9teleit. A jelen adatv\u00e9delmi nyilatkozat folyamatosan el\u00e9rhet\u0151 a Szolg\u00e1ltat\u00e1s nyit\u00f3oldal\u00e1n.<\/p>\n<p class=\"p1\"><b>1. Adatkezel\u0151 neve<\/b><\/p>\n<p class=\"p1\">Tam\u00e1s P\u00e1l (tov\u00e1bbiakban Szolg\u00e1ltat\u00f3)<\/p>\n<p class=\"p1\"><b>2. Az adatkezel\u0151 c\u00edme:<\/b><\/p>\n<p class=\"p1\">4400 Ny\u00edregyh\u00e1za, Kor\u00e1nyi Frigyes \u00fat 209.<\/p>\n<p class=\"p1\"><b>3. El\u00e9rhet\u0151s\u00e9g:<\/b><\/p>\n<p class=\"p1\">Telefon: +36 30 224-09-83<\/p>\n<p class=\"p1\">E-mail: hello(kukac)szallodafotozas(pont)hu<\/p>\n<p class=\"p1\"><b>4. Adatv\u00e9delmi ir\u00e1nyelvek<\/b><\/p>\n<p class=\"p1\">A Szolg\u00e1ltat\u00f3 tiszteletben tartja az \u00e1ltala vizsg\u00e1lt weboldalak l\u00e1togat\u00f3inak adatv\u00e9delmi jogait \u00e9s mindent megtesz azok megv\u00e9d\u00e9s\u00e9nek \u00e9rdek\u00e9ben. Ezen oldal azokat a szab\u00e1lyoz\u00e1sokat tartalmazza, amelyekhez a Szolg\u00e1ltat\u00f3 az adatok feldolgoz\u00e1sa sor\u00e1n tartja mag\u00e1t, ez\u00e1ltal biztos\u00edtva az internet-felhaszn\u00e1l\u00f3k n\u00e9vtelens\u00e9g\u00e9t \u00e9s adataik v\u00e9delm\u00e9t.<\/p>\n<p class=\"p1\">Internet-Felhaszn\u00e1l\u00f3k V\u00e9delme<\/p>\n<p class=\"p1\">a.,\u00a0A Szolg\u00e1ltat\u00f3 a felhaszn\u00e1l\u00f3 hozz\u00e1j\u00e1rul\u00e1sa n\u00e9lk\u00fcl nem gy\u0171jt semmif\u00e9le szem\u00e9lyes, vagy szem\u00e9ly\u00e9re utal\u00f3 adatot. A felhaszn\u00e1l\u00f3 neve, c\u00edme stb. ismeretlen marad. A felhaszn\u00e1l\u00f3 sz\u00e1m\u00edt\u00f3g\u00e9p\u00e9vel kapcsolatban gy\u0171jt\u00f6tt technikai adatok a k\u00f6vetkez\u0151k: oper\u00e1ci\u00f3s rendszer, b\u00f6ng\u00e9sz\u0151 t\u00edpusa, k\u00e9perny\u0151felbont\u00e1s \u00e9s IP c\u00edmeken alapul\u00f3 f\u00f6ldrajzi meghat\u00e1roz\u00e1s.<\/p>\n<p class=\"p1\">b.,\u00a0A Szolg\u00e1ltat\u00f3 nem integr\u00e1lja az elemz\u00e9sek sor\u00e1n szerzett adatait semmif\u00e9le k\u00fcls\u0151 adatb\u00e1zissal, amely tartalmaz szem\u00e9lyes, vagy szem\u00e9lyre utal\u00f3 adatot.<\/p>\n<p class=\"p1\"><b>5. Az adatkezel\u00e9s megnevez\u00e9se<\/b><\/p>\n<p class=\"p1\">Adatkezel\u00e9s a felhaszn\u00e1l\u00f3k \u00f6nk\u00e9ntes, t\u00e1j\u00e9kozott, \u00e9s hat\u00e1rozott hozz\u00e1j\u00e1rul\u00e1sa alapj\u00e1n, mikor a weboldalon kit\u00f6lt\u00f6tte az aj\u00e1nlatk\u00e9r\u00e9si \u0171rlapot.<\/p>\n<p class=\"p1\"><b>6. Az adatkezel\u00e9s jogalapja<\/b><\/p>\n<p class=\"p1\">Az inform\u00e1ci\u00f3s \u00f6nrendelkez\u00e9si jogr\u00f3l \u00e9s az inform\u00e1ci\u00f3szabads\u00e1gr\u00f3l sz\u00f3l\u00f3 2011. \u00e9vi CXII. t\u00f6rv\u00e9ny bekezd\u00e9se alapj\u00e1n az \u00e9rintett \u00f6nk\u00e9ntes hozz\u00e1j\u00e1rul\u00e1sa.<\/p>\n<p class=\"p1\"><b>7. A kezelt adatok k\u00f6re<\/b><\/p>\n<p class=\"p1\">A felhaszn\u00e1l\u00f3 \u00e1ltal a kapcsolatfelv\u00e9tel sor\u00e1n k\u00f6telez\u0151en megadott adatok:<\/p>\n<ul class=\"ul1\">\n<li class=\"li2\"><span class=\"s1\">n\u00e9v<\/span><\/li>\n<li class=\"li2\"><span class=\"s1\">e-mail c\u00edm<\/span><\/li>\n<li class=\"li2\"><span class=\"s1\">telefonsz\u00e1m<\/span><\/li>\n<\/ul>\n<p class=\"p1\"><b>8. Cookie-k<\/b><\/p>\n<p class=\"p1\">A Szolg\u00e1ltat\u00f3 oldalainak elemz\u00e9se sor\u00e1n cookie-technol\u00f3gi\u00e1t alkalmaz. A cookie v\u00e9letlenszer\u0171en gener\u00e1lt karakterek sorozat\u00e1t tartalmazza. A cookie-technol\u00f3gi\u00e1nak k\u00f6sz\u00f6nhet\u0151en lehet\u0151s\u00e9g ny\u00edlik a k\u00f6vetkez\u0151kre: beazonos\u00edtani az internet-felhaszn\u00e1l\u00f3 \u00e1ltal haszn\u00e1lt b\u00f6ng\u00e9sz\u0151t, megk\u00fcl\u00f6nb\u00f6ztetni az \u00faj \u00e9s visszat\u00e9r\u0151 l\u00e1togat\u00f3kat (cookie-kat), az egym\u00e1st k\u00f6vet\u0151 oldallet\u00f6lt\u00e9seket l\u00e1togat\u00e1sokk\u00e9nt csoportos\u00edtani, rangsorolni az oper\u00e1ci\u00f3s rendszereket stb.<\/p>\n<p class=\"p1\">A weboldal felhaszn\u00e1l\u00f3ja meghat\u00e1rozhatja, hogy k\u00edv\u00e1nja-e fogadni a cookie-kat vagy sem, illetve kapjon-e \u00e9rtes\u00edt\u00e9st arr\u00f3l, ha a megtekintett oldal cookie-t k\u00fcld sz\u00e1m\u00e1ra. Amennyiben \u00d6n sz\u00e1m\u00edt\u00f3g\u00e9p\u00e9nek b\u00f6ng\u00e9sz\u0151j\u00e9ben enged\u00e9lyezi a cookie-k haszn\u00e1lat\u00e1t, \u00fagy hozz\u00e1j\u00e1rul ahhoz, hogy az \u00edgy k\u00f6zvet\u00edtett inform\u00e1ci\u00f3t jelen weboldal \u00fczemeltet\u0151je a m\u0171k\u00f6dtet\u00e9s c\u00e9lj\u00e1b\u00f3l felhaszn\u00e1lja.<\/p>\n<p class=\"p1\">Amennyiben nem enged\u00e9lyezi, hogy beazonos\u00edtsuk a b\u00f6ng\u00e9sz\u0151j\u00e9hez tartoz\u00f3 forgalmat, akkor azt minden egyes b\u00f6ng\u00e9sz\u0151ben illetve v\u00e9gfelhaszn\u00e1l\u00f3i k\u00e9sz\u00fcl\u00e9ken k\u00fcl\u00f6n-k\u00fcl\u00f6n sz\u00fcks\u00e9ges a letiltani. Ebben az esetben azonban el\u0151fordulhat, hogy a Felhaszn\u00e1l\u00f3 nem fogja tudni kihaszn\u00e1lni az adott Szolg\u00e1ltat\u00e1s \u00f6sszes funkci\u00f3j\u00e1t.\u00a0 A cookie-k kezel\u00e9s\u00e9re \u00e1ltal\u00e1ban a b\u00f6ng\u00e9sz\u0151k eszk\u00f6z\u00f6k\/be\u00e1ll\u00edt\u00e1sok men\u00fcj\u00e9ben az adatv\u00e9delem be\u00e1ll\u00edt\u00e1sai alatt van lehet\u0151s\u00e9g.<\/p>\n<p class=\"p1\">N\u00e9h\u00e1ny a legelterjedtebb b\u00f6ng\u00e9sz\u0151k cookie be\u00e1ll\u00edt\u00e1saival foglalkoz\u00f3 link:<\/p>\n<p class=\"p1\">https:\/\/www.google.hu\/intl\/hu\/policies\/technologies\/managing\/<\/p>\n<p class=\"p1\">https:\/\/support.mozilla.org\/hu\/kb\/sutik-engedelyezese-es-tiltasa-amit-weboldak-haszn<\/p>\n<p class=\"p1\">http:\/\/www.apple.com\/legal\/privacy\/hu\/cookies\/<\/p>\n<p class=\"p1\">http:\/\/windows.microsoft.com\/hu-hu\/windows-vista\/block-or-allow-cookies<\/p>\n<p class=\"p1\">http:\/\/help.opera.com\/Windows\/9.63\/hu\/cookies.html<\/p>\n<p class=\"p1\"><b>9. Google analitika<\/b><\/p>\n<p class=\"p1\">Jelen weboldal a Google, Inc. (\u201eGoogle\u201d) \u00e1ltal ny\u00fajtott Google Analitika webanalitikai szolg\u00e1ltat\u00e1st haszn\u00e1lja. A Google Analitika \u201es\u00fctiket\u201d (\u201ecookies\u201d), az \u00d6n sz\u00e1m\u00edt\u00f3g\u00e9p\u00e9n elhelyezett sz\u00f6vegf\u00e1jlokat haszn\u00e1l, melyek c\u00e9lja, hogy seg\u00edtse a weboldal haszn\u00e1lat\u00e1nak elemz\u00e9s\u00e9t. A \u201es\u00fcti\u201d \u00e1ltal gener\u00e1lt, a weboldal haszn\u00e1lat\u00e1ra vonatkoz\u00f3 inform\u00e1ci\u00f3kat (bele\u00e9rtve az \u00d6n IP-c\u00edm\u00e9t) a Google egyes\u00fclt \u00e1llamokbeli szervereire tov\u00e1bb\u00edtja \u00e9s ott t\u00e1rolja. A Google ezeket az inform\u00e1ci\u00f3kat a weboldal \u00d6n \u00e1ltal t\u00f6rt\u00e9n\u0151 haszn\u00e1lat\u00e1nak \u00e9rt\u00e9kel\u00e9s\u00e9re, a weboldalon v\u00e9grehajtott tev\u00e9kenys\u00e9gekr\u0151l sz\u00f3l\u00f3 riportoknak a weboldalak \u00fczemeltet\u0151i r\u00e9sz\u00e9re t\u00f6rt\u00e9n\u0151 \u00f6ssze\u00e1ll\u00edt\u00e1s\u00e1ra, valamint a weboldalon v\u00e9grehajtott tev\u00e9kenys\u00e9gekkel \u00e9s az internethaszn\u00e1lattal kapcsolatos egy\u00e9b szolg\u00e1ltat\u00e1sok ny\u00fajt\u00e1s\u00e1ra haszn\u00e1lja. A Google tov\u00e1bb\u00e1 \u00e1tadhatja ezeket az inform\u00e1ci\u00f3kat harmadik felek r\u00e9sz\u00e9re, amennyiben ezt t\u00f6rv\u00e9ny \u00edrja el\u0151, vagy az adott harmadik felek a Google megb\u00edz\u00e1s\u00e1b\u00f3l feldolgozz\u00e1k az inform\u00e1ci\u00f3kat. A Google nem t\u00e1rs\u00edtja az \u00d6n IP c\u00edm\u00e9t a Google birtok\u00e1ban l\u00e9v\u0151 egy\u00e9b adatokkal. B\u00f6ng\u00e9sz\u0151je megfelel\u0151 be\u00e1ll\u00edt\u00e1sainak kiv\u00e1laszt\u00e1s\u00e1val \u00d6n visszautas\u00edthatja a \u201es\u00fctik\u201d haszn\u00e1lat\u00e1t, azonban felh\u00edvjuk figyelm\u00e9t, hogy ez esetben \u00d6n nem fogja tudni kihaszn\u00e1lni jelen weboldal \u00f6sszes funkci\u00f3j\u00e1t. A jelen weboldal haszn\u00e1lat\u00e1val \u00d6n hozz\u00e1j\u00e1rul adatainak feldolgoz\u00e1s\u00e1hoz a fentiekben meghat\u00e1rozott m\u00f3don \u00e9s a fentiekben meghat\u00e1rozott c\u00e9lokra.<\/p>\n<p class=\"p1\"><b>10. Aj\u00e1nlatk\u00e9r\u00e9si \u0171rlap adatszolg\u00e1ltat\u00e1sa<\/b><\/p>\n<p class=\"p1\">A felhaszn\u00e1l\u00f3 \u00f6nk\u00e9ntes d\u00f6nt\u00e9se alapj\u00e1n a kapcsolati \u0171rlap kit\u00f6lt\u00e9sekor megadott adatok eset\u00e9ben az adatkezel\u00e9s c\u00e9lja, hogy szem\u00e9lyre szabott aj\u00e1nlatot kaphasson az \u00e9rdekl\u0151d\u0151. Az Szolg\u00e1ltat\u00f3 az \u00f6nk\u00e9ntesen megadhat\u00f3 adatokat csak a fent megjel\u00f6lt c\u00e9lra haszn\u00e1lja fel, az adatokat harmadik f\u00e9lnek nem adja \u00e1t.<\/p>\n<p class=\"p1\">Az \u0171rlap kit\u00f6lt\u00e9se minden esetben \u00f6nk\u00e9ntes. A kapcsolati \u0171rlapon \u00fan. k\u00f6telez\u0151en kit\u00f6ltend\u0151 mez\u0151k kit\u00f6ltetlen\u00fcl hagy\u00e1sa azt eredm\u00e9nyezheti, hogy a felhaszn\u00e1l\u00f3 nem tudja elk\u00fcldeni a levelet. Az adatok addig maradnak a rendszerben, m\u00edg azok t\u00f6rl\u00e9s\u00e9t a felhaszn\u00e1l\u00f3 nem kezdem\u00e9nyezi. Az\u00e1ltal, hogy a felhaszn\u00e1l\u00f3 kit\u00f6lti a kapcsolati \u0171rlapot, hozz\u00e1j\u00e1rul megadott adatai feldolgoz\u00e1s\u00e1hoz.<\/p>\n<p class=\"p1\">Az adatkezel\u00e9s jogalapja az \u00e9rintettek \u00f6nk\u00e9ntes hozz\u00e1j\u00e1rul\u00e1sa.<\/p>\n<p class=\"p1\"><b>11. Adattov\u00e1bb\u00edt\u00e1sok, harmadik szem\u00e9lyek adatkezel\u00e9sei<\/b><\/p>\n<p class=\"p1\">A Szolg\u00e1ltat\u00f3 kifejezett jogszab\u00e1lyi rendelkez\u00e9s hi\u00e1ny\u00e1ban csak az adott felhaszn\u00e1l\u00f3 kifejezett hozz\u00e1j\u00e1rul\u00e1s\u00e1val adja \u00e1t harmadik szem\u00e9lyeknek a szem\u00e9lyes azonos\u00edt\u00e1s\u00e1ra alkalmas adatokat. Ugyanez igaz az adatf\u00e1jlok haszn\u00e1lat\u00e1val az \u00dczemeltet\u0151 kezel\u00e9s\u00e9be ker\u00fclt adatokra. Az egyes szem\u00e9lyes adatok harmadik szem\u00e9lyekkel val\u00f3 k\u00f6zl\u00e9s\u00e9re az al\u00e1bbi esetekben is sor ker\u00fclhet:<\/p>\n<p class=\"p1\">A Szolg\u00e1ltat\u00e1s keret\u00e9n bel\u00fcl \u00e9szlelt jogs\u00e9rt\u0151 tev\u00e9kenys\u00e9gekkel kapcsolatban a Szolg\u00e1ltat\u00f3 jogosult felh\u00edv\u00e1sokat vagy k\u00f6zlem\u00e9nyeket k\u00fcldeni vagy k\u00f6zz\u00e9tenni, ak\u00e1r az egyes felhaszn\u00e1l\u00f3k adatainak felhaszn\u00e1l\u00e1s\u00e1val.<\/p>\n<p class=\"p1\">A Szolg\u00e1ltat\u00e1s meghat\u00e1rozott r\u00e9szeit (p\u00e9ld\u00e1ul rekl\u00e1mok megjelen\u00edt\u00e9se, l\u00e1togatotts\u00e1gi statisztik\u00e1k k\u00e9sz\u00edt\u00e9se) a Szolg\u00e1ltat\u00f3 adott esetben szerz\u0151d\u00e9ses partnereivel (alv\u00e1llalkoz\u00f3ival) is v\u00e9geztetheti. Ilyen esetekben el\u0151fordulhat, hogy az ilyen szerz\u0151d\u00e9ses partnerek r\u00e9sz\u00e9re egyes felhaszn\u00e1l\u00f3i adatok \u00e1tad\u00e1sra ker\u00fclhetnek. Mindemellett az ilyen szerz\u0151d\u00e9ses partnert titoktart\u00e1si k\u00f6telezetts\u00e9g terheli.<\/p>\n<p class=\"p1\"><b>12. Z\u00e1r\u00f3 rendelkez\u00e9sek<\/b><\/p>\n<p class=\"p1\"><b><i>12.1 Jogok gyakorl\u00e1sa, jogorvoslat<\/i><\/b><\/p>\n<p class=\"p1\">Felvil\u00e1gos\u00edt\u00e1s<\/p>\n<p class=\"p1\">A felhaszn\u00e1l\u00f3 jog\u00e9rv\u00e9nyes\u00edt\u00e9si lehet\u0151s\u00e9geit az inform\u00e1ci\u00f3s \u00f6nrendelkez\u00e9si jogr\u00f3l \u00e9s az inform\u00e1ci\u00f3szabads\u00e1gr\u00f3l sz\u00f3l\u00f3 2011. \u00e9vi CXII. t\u00f6rv\u00e9ny valamint a Ptk. alapj\u00e1n b\u00edr\u00f3s\u00e1g el\u0151tt gyakorolhatja, valamint k\u00e9rheti a Nemzeti Adatv\u00e9delmi es Inform\u00e1ci\u00f3szabads\u00e1g Hat\u00f3s\u00e1g eln\u00f6ke seg\u00edts\u00e9g\u00e9t is.<\/p>\n<p class=\"p1\">N\u00e9v: Adatv\u00e9delmi Biztos Hivatala<\/p>\n<p class=\"p1\">Sz\u00e9khely: 1051 Budapest, N\u00e1dor u. 22.<\/p>\n<p class=\"p1\">Postac\u00edm: 1387 Budapest, Pf.: 40.<\/p>\n<p class=\"p1\">Telefon: 061-475 -186, 475-7100<\/p>\n<p class=\"p1\">Telefax: 061-269-1615<\/p>\n<p class=\"p1\">E-mail: adatved@obh.hu<\/p>\n<p class=\"p1\">A felhaszn\u00e1l\u00f3k jogosultak szem\u00e9lyes adataik kezel\u00e9s\u00e9r\u0151l, felhaszn\u00e1l\u00e1s\u00e1r\u00f3l t\u00e1j\u00e9koztat\u00e1st k\u00e9rni az Adatkezel\u0151 el\u00e9rhet\u0151s\u00e9gein\u00e9l ( 3-as pont)adatain\u00e1l megadott e-mail c\u00edmen.<\/p>\n<p class=\"p1\">Adatm\u00f3dos\u00edt\u00e1s, adatt\u00f6rl\u00e9s A Szolg\u00e1ltat\u00e1s keret\u00e9n bel\u00fcl a felhaszn\u00e1l\u00f3knak lehet\u0151s\u00e9g\u00fck leiratkozni a h\u00edrlev\u00e9lr\u0151l akk\u00e9nt, hogy a h\u00edrlev\u00e9l alj\u00e1n tal\u00e1lhat\u00f3 linkre kattint.<\/p>\n<p class=\"p1\"><b>Jogorvoslat<\/b><\/p>\n<p class=\"p1\">Az a felhaszn\u00e1l\u00f3, aki \u00fagy \u00e9rzi, hogy az \u00dczemeltet\u0151 megs\u00e9rtette szem\u00e9lyes adatai v\u00e9delm\u00e9hez val\u00f3 jog\u00e1t, ig\u00e9ny\u00e9t polg\u00e1ri b\u00edr\u00f3s\u00e1g el\u0151tt \u00e9rv\u00e9nyes\u00edtheti, vagy k\u00e9rheti az adatv\u00e9delmi biztos seg\u00edts\u00e9g\u00e9t is. Az erre, valamint az adatkezel\u0151 k\u00f6telezetts\u00e9geire vonatkoz\u00f3 r\u00e9szletes jogszab\u00e1lyi rendelkez\u00e9seket az inform\u00e1ci\u00f3s \u00f6nrendelkez\u00e9si jogr\u00f3l \u00e9s az inform\u00e1ci\u00f3szabads\u00e1gr\u00f3l sz\u00f3l\u00f3 2011. \u00e9vi CXII. t\u00f6rv\u00e9ny tartalmazza<\/p>\n<\/div>\n\n\n\n\n\t\t\t<\/div> \n\t\t<\/div>\n\t<\/div> \n<\/div><\/div>","protected":false},"excerpt":{"rendered":"Kik vagyunk:A weboldalunk c\u00edme: https:\/\/www.szallodafotozas.hu A jelen adatv\u00e9delmi nyilatkozat (Nyilatkozat) tartalmazza Tam\u00e1s P\u00e1l (Szolg\u00e1ltat\u00f3) \u00e1ltal \u00fczemeltetett, a https:\/\/www.szallodafotozas.hu domain n\u00e9ven el\u00e9rhet\u0151 oldal \u00e9s szolg\u00e1ltat\u00e1sok (egy\u00fcttesen: Szolg\u00e1ltat\u00e1s) keret\u00e9ben v\u00e9gzett, szem\u00e9lyes adatok...","protected":false},"author":1,"featured_media":0,"parent":0,"menu_order":0,"comment_status":"closed","ping_status":"open","template":"","meta":{"footnotes":""},"class_list":["post-3","page","type-page","status-publish"],"_links":{"self":[{"href":"https:\/\/www.szallodafotozas.hu\/en\/wp-json\/wp\/v2\/pages\/3","targetHints":{"allow":["GET"]}}],"collection":[{"href":"https:\/\/www.szallodafotozas.hu\/en\/wp-json\/wp\/v2\/pages"}],"about":[{"href":"https:\/\/www.szallodafotozas.hu\/en\/wp-json\/wp\/v2\/types\/page"}],"author":[{"embeddable":true,"href":"https:\/\/www.szallodafotozas.hu\/en\/wp-json\/wp\/v2\/users\/1"}],"replies":[{"embeddable":true,"href":"https:\/\/www.szallodafotozas.hu\/en\/wp-json\/wp\/v2\/comments?post=3"}],"version-history":[{"count":1,"href":"https:\/\/www.szallodafotozas.hu\/en\/wp-json\/wp\/v2\/pages\/3\/revisions"}],"predecessor-version":[{"id":841,"href":"https:\/\/www.szallodafotozas.hu\/en\/wp-json\/wp\/v2\/pages\/3\/revisions\/841"}],"wp:attachment":[{"href":"https:\/\/www.szallodafotozas.hu\/en\/wp-json\/wp\/v2\/media?parent=3"}],"curies":[{"name":"wp","href":"https:\/\/api.w.org\/{rel}","templated":true}]}}